{"id":2785,"date":"2025-11-06T14:52:43","date_gmt":"2025-11-06T19:52:43","guid":{"rendered":"https:\/\/comite-civico.org\/?page_id=2785"},"modified":"2025-11-08T13:55:45","modified_gmt":"2025-11-08T18:55:45","slug":"pedagogia-del-movimiento","status":"publish","type":"page","link":"https:\/\/comite-civico.org\/?page_id=2785","title":{"rendered":"Pedagog\u00eda del Movimiento"},"content":{"rendered":"\t\t<div data-elementor-type=\"wp-page\" data-elementor-id=\"2785\" class=\"elementor elementor-2785\" data-elementor-post-type=\"page\">\n\t\t\t\t\t\t<section data-particle_enable=\"false\" data-particle-mobile-disabled=\"false\" class=\"elementor-section elementor-top-section elementor-element elementor-element-04e2151 elementor-section-boxed elementor-section-height-default elementor-section-height-default\" data-id=\"04e2151\" data-element_type=\"section\" data-settings=\"{&quot;jet_parallax_layout_list&quot;:[]}\">\n\t\t\t\t\t\t<div class=\"elementor-container elementor-column-gap-default\">\n\t\t\t\t\t<div class=\"elementor-column elementor-col-100 elementor-top-column elementor-element elementor-element-60970cb\" data-id=\"60970cb\" data-element_type=\"column\">\n\t\t\t<div class=\"elementor-widget-wrap elementor-element-populated\">\n\t\t\t\t\t\t<div class=\"elementor-element elementor-element-7d089c2 elementor-widget__width-auto e-transform elementor-widget elementor-widget-shortcode\" data-id=\"7d089c2\" data-element_type=\"widget\" data-settings=\"{&quot;_transform_scale_effect&quot;:{&quot;unit&quot;:&quot;px&quot;,&quot;size&quot;:4,&quot;sizes&quot;:[]},&quot;_transform_scale_effect_tablet&quot;:{&quot;unit&quot;:&quot;px&quot;,&quot;size&quot;:&quot;&quot;,&quot;sizes&quot;:[]},&quot;_transform_scale_effect_mobile&quot;:{&quot;unit&quot;:&quot;px&quot;,&quot;size&quot;:&quot;&quot;,&quot;sizes&quot;:[]}}\" data-widget_type=\"shortcode.default\">\n\t\t\t\t<div class=\"elementor-widget-container\">\n\t\t\t\t\t\t\t<div class=\"elementor-shortcode\"><div class=\"_df_thumb \" id=\"df_2788\"  _slug=\"2788\" data-title=\"pedagogia-del-movimiento-social\" wpoptions=\"true\" thumb=\"http:\/\/comite-civico.org\/wp-content\/uploads\/2025\/11\/porta-movimiento-1.jpg\" thumbtype=\"\" >Pedagogia del Movimiento Social<\/div><script class=\"df-shortcode-script\" nowprocket type=\"application\/javascript\">window.option_df_2788 = {\"outline\":[],\"autoEnableOutline\":\"false\",\"autoEnableThumbnail\":\"false\",\"overwritePDFOutline\":\"false\",\"direction\":\"1\",\"pageSize\":\"0\",\"source\":\"http:\\\/\\\/comite-civico.org\\\/wp-content\\\/uploads\\\/2025\\\/11\\\/Cartilla-Pedagogica-2025.pdf\",\"wpOptions\":\"true\"}; if(window.DFLIP && window.DFLIP.parseBooks){window.DFLIP.parseBooks();}<\/script><\/div>\n\t\t\t\t\t\t<\/div>\n\t\t\t\t<\/div>\n\t\t\t\t\t<\/div>\n\t\t<\/div>\n\t\t\t\t\t<\/div>\n\t\t<\/section>\n\t\t\t\t<section data-particle_enable=\"false\" data-particle-mobile-disabled=\"false\" class=\"elementor-section elementor-top-section elementor-element elementor-element-8323425 elementor-section-boxed elementor-section-height-default elementor-section-height-default\" data-id=\"8323425\" data-element_type=\"section\" data-settings=\"{&quot;jet_parallax_layout_list&quot;:[]}\">\n\t\t\t\t\t\t<div class=\"elementor-container elementor-column-gap-default\">\n\t\t\t\t\t<div class=\"elementor-column elementor-col-100 elementor-top-column elementor-element elementor-element-40df0e9\" data-id=\"40df0e9\" data-element_type=\"column\">\n\t\t\t<div class=\"elementor-widget-wrap elementor-element-populated\">\n\t\t\t\t\t\t<div class=\"elementor-element elementor-element-37c6fbd elementor-widget elementor-widget-spacer\" data-id=\"37c6fbd\" data-element_type=\"widget\" data-widget_type=\"spacer.default\">\n\t\t\t\t<div class=\"elementor-widget-container\">\n\t\t\t\t\t\t\t<div class=\"elementor-spacer\">\n\t\t\t<div class=\"elementor-spacer-inner\"><\/div>\n\t\t<\/div>\n\t\t\t\t\t\t<\/div>\n\t\t\t\t<\/div>\n\t\t\t\t<div class=\"elementor-element elementor-element-7700d60 elementor-widget__width-initial elementor-widget elementor-widget-text-editor\" data-id=\"7700d60\" data-element_type=\"widget\" data-widget_type=\"text-editor.default\">\n\t\t\t\t<div class=\"elementor-widget-container\">\n\t\t\t\t\t\t\t\t\t<h3>Pedagog\u00eda del Movimiento Social Paro C\u00edvico de Buenaventura<\/h3>\t\t\t\t\t\t\t\t<\/div>\n\t\t\t\t<\/div>\n\t\t\t\t\t<\/div>\n\t\t<\/div>\n\t\t\t\t\t<\/div>\n\t\t<\/section>\n\t\t\t\t<section data-particle_enable=\"false\" data-particle-mobile-disabled=\"false\" class=\"elementor-section elementor-top-section elementor-element elementor-element-0910f5e elementor-section-boxed elementor-section-height-default elementor-section-height-default\" data-id=\"0910f5e\" data-element_type=\"section\" data-settings=\"{&quot;jet_parallax_layout_list&quot;:[]}\">\n\t\t\t\t\t\t<div class=\"elementor-container elementor-column-gap-default\">\n\t\t\t\t\t<div class=\"elementor-column elementor-col-100 elementor-top-column elementor-element elementor-element-86ba6ee\" data-id=\"86ba6ee\" data-element_type=\"column\">\n\t\t\t<div class=\"elementor-widget-wrap elementor-element-populated\">\n\t\t\t\t\t\t<div class=\"elementor-element elementor-element-964c290 elementor-widget elementor-widget-text-editor\" data-id=\"964c290\" data-element_type=\"widget\" data-widget_type=\"text-editor.default\">\n\t\t\t\t<div class=\"elementor-widget-container\">\n\t\t\t\t\t\t\t\t\t<p>El Movimiento Social Paro C\u00edvico de Buenaventura presenta en este documento una s\u00edntesis clara del camino recorrido por las comunidades en defensa de sus derechos, desde las primeras movilizaciones hasta la conquista de herramientas, extraordinarias y excepcionales como la Ley 1872 de 2017 y el PIEDB 2040; que se consolida para su ejecuci\u00f3n en las mesas tem\u00e1ticas donde se concertan las obras para el desarrollo en el Distrito de Buenaventura.<\/p><p>Este material invita a conocer los avances logrados, comprender la importancia del seguimiento a los acuerdos y reconocer la fuerza colectiva que ha permitido transformar la movilizaci\u00f3n social en acciones concretas &#8220;para Vivir con Dignidad y en Paz en el Territorio&#8221;.<\/p>\t\t\t\t\t\t\t\t<\/div>\n\t\t\t\t<\/div>\n\t\t\t\t\t<\/div>\n\t\t<\/div>\n\t\t\t\t\t<\/div>\n\t\t<\/section>\n\t\t\t\t<section data-particle_enable=\"false\" data-particle-mobile-disabled=\"false\" class=\"elementor-section elementor-top-section elementor-element elementor-element-dedf0eb elementor-section-boxed elementor-section-height-default elementor-section-height-default\" data-id=\"dedf0eb\" data-element_type=\"section\" data-settings=\"{&quot;jet_parallax_layout_list&quot;:[]}\">\n\t\t\t\t\t\t<div class=\"elementor-container elementor-column-gap-default\">\n\t\t\t\t\t<div class=\"elementor-column elementor-col-100 elementor-top-column elementor-element elementor-element-21b5210\" data-id=\"21b5210\" data-element_type=\"column\">\n\t\t\t<div class=\"elementor-widget-wrap elementor-element-populated\">\n\t\t\t\t\t\t<div class=\"elementor-element elementor-element-569c0e2 dce_masking-none elementor-widget elementor-widget-video\" data-id=\"569c0e2\" data-element_type=\"widget\" data-settings=\"{&quot;youtube_url&quot;:&quot;https:\\\/\\\/www.youtube.com\\\/watch?v=s4-pAi3TAgA&quot;,&quot;video_type&quot;:&quot;youtube&quot;,&quot;controls&quot;:&quot;yes&quot;}\" data-widget_type=\"video.default\">\n\t\t\t\t<div class=\"elementor-widget-container\">\n\t\t\t\t\t\t\t<div class=\"elementor-wrapper elementor-open-inline\">\n\t\t\t<div class=\"elementor-video\"><\/div>\t\t<\/div>\n\t\t\t\t\t\t<\/div>\n\t\t\t\t<\/div>\n\t\t\t\t\t<\/div>\n\t\t<\/div>\n\t\t\t\t\t<\/div>\n\t\t<\/section>\n\t\t\t\t<\/div>\n\t\t","protected":false},"excerpt":{"rendered":"<p>Pedagog\u00eda del Movimiento Social Paro C\u00edvico de Buenaventura El Movimiento Social Paro C\u00edvico de Buenaventura presenta en este documento una s\u00edntesis clara del camino recorrido por las comunidades en defensa de sus derechos, desde las primeras movilizaciones hasta la conquista de herramientas, extraordinarias y excepcionales como la Ley 1872 de 2017 y el PIEDB 2040; &#8230; <a title=\"Pedagog\u00eda del Movimiento\" class=\"read-more\" href=\"https:\/\/comite-civico.org\/?page_id=2785\" aria-label=\"Read more about Pedagog\u00eda del Movimiento\">Leer m\u00e1s<\/a><\/p>\n","protected":false},"author":1,"featured_media":0,"parent":0,"menu_order":0,"comment_status":"closed","ping_status":"closed","template":"","meta":{"footnotes":""},"class_list":["post-2785","page","type-page","status-publish"],"acf":[],"yoast_head":"<!-- This site is optimized with the Yoast SEO plugin v25.0 - https:\/\/yoast.com\/wordpress\/plugins\/seo\/ -->\n<title>Pedagog\u00eda del Movimiento - Movimiento Social Paro C\u00edvico de Buenaventura<\/title>\n<meta name=\"robots\" content=\"index, follow, max-snippet:-1, max-image-preview:large, max-video-preview:-1\" \/>\n<link rel=\"canonical\" href=\"https:\/\/comite-civico.org\/?page_id=2785\" \/>\n<meta property=\"og:locale\" content=\"es_ES\" \/>\n<meta property=\"og:type\" content=\"article\" \/>\n<meta property=\"og:title\" content=\"Pedagog\u00eda del Movimiento - Movimiento Social Paro C\u00edvico de Buenaventura\" \/>\n<meta property=\"og:description\" content=\"Pedagog\u00eda del Movimiento Social Paro C\u00edvico de Buenaventura El Movimiento Social Paro C\u00edvico de Buenaventura presenta en este documento una s\u00edntesis clara del camino recorrido por las comunidades en defensa de sus derechos, desde las primeras movilizaciones hasta la conquista de herramientas, extraordinarias y excepcionales como la Ley 1872 de 2017 y el PIEDB 2040; ... Leer m\u00e1s\" \/>\n<meta property=\"og:url\" content=\"https:\/\/comite-civico.org\/?page_id=2785\" \/>\n<meta property=\"og:site_name\" content=\"Movimiento Social Paro C\u00edvico de Buenaventura\" \/>\n<meta property=\"article:modified_time\" content=\"2025-11-08T18:55:45+00:00\" \/>\n<meta name=\"twitter:card\" content=\"summary_large_image\" \/>\n<meta name=\"twitter:label1\" content=\"Tiempo de lectura\" \/>\n\t<meta name=\"twitter:data1\" content=\"1 minuto\" \/>\n<script type=\"application\/ld+json\" class=\"yoast-schema-graph\">{\"@context\":\"https:\/\/schema.org\",\"@graph\":[{\"@type\":\"WebPage\",\"@id\":\"https:\/\/comite-civico.org\/?page_id=2785\",\"url\":\"https:\/\/comite-civico.org\/?page_id=2785\",\"name\":\"Pedagog\u00eda del Movimiento - Movimiento Social Paro C\u00edvico de Buenaventura\",\"isPartOf\":{\"@id\":\"https:\/\/comite-civico.org\/#website\"},\"datePublished\":\"2025-11-06T19:52:43+00:00\",\"dateModified\":\"2025-11-08T18:55:45+00:00\",\"breadcrumb\":{\"@id\":\"https:\/\/comite-civico.org\/?page_id=2785#breadcrumb\"},\"inLanguage\":\"es-CO\",\"potentialAction\":[{\"@type\":\"ReadAction\",\"target\":[\"https:\/\/comite-civico.org\/?page_id=2785\"]}]},{\"@type\":\"BreadcrumbList\",\"@id\":\"https:\/\/comite-civico.org\/?page_id=2785#breadcrumb\",\"itemListElement\":[{\"@type\":\"ListItem\",\"position\":1,\"name\":\"Inicio\",\"item\":\"https:\/\/comite-civico.org\/\"},{\"@type\":\"ListItem\",\"position\":2,\"name\":\"Pedagog\u00eda del Movimiento\"}]},{\"@type\":\"WebSite\",\"@id\":\"https:\/\/comite-civico.org\/#website\",\"url\":\"https:\/\/comite-civico.org\/\",\"name\":\"Movimiento Social Paro C\u00edvico de Buenaventura\",\"description\":\"Movimiento Social Paro C\u00edvico de Buenaventura\",\"publisher\":{\"@id\":\"https:\/\/comite-civico.org\/#organization\"},\"potentialAction\":[{\"@type\":\"SearchAction\",\"target\":{\"@type\":\"EntryPoint\",\"urlTemplate\":\"https:\/\/comite-civico.org\/?s={search_term_string}\"},\"query-input\":{\"@type\":\"PropertyValueSpecification\",\"valueRequired\":true,\"valueName\":\"search_term_string\"}}],\"inLanguage\":\"es-CO\"},{\"@type\":\"Organization\",\"@id\":\"https:\/\/comite-civico.org\/#organization\",\"name\":\"Movimiento Social Paro C\u00edvico de Buenaventura\",\"url\":\"https:\/\/comite-civico.org\/\",\"logo\":{\"@type\":\"ImageObject\",\"inLanguage\":\"es-CO\",\"@id\":\"https:\/\/comite-civico.org\/#\/schema\/logo\/image\/\",\"url\":\"https:\/\/comite-civico.org\/wp-content\/uploads\/2021\/03\/Logo-de-Movimiento-Blanco-scaled.png\",\"contentUrl\":\"https:\/\/comite-civico.org\/wp-content\/uploads\/2021\/03\/Logo-de-Movimiento-Blanco-scaled.png\",\"width\":2560,\"height\":1810,\"caption\":\"Movimiento Social Paro C\u00edvico de Buenaventura\"},\"image\":{\"@id\":\"https:\/\/comite-civico.org\/#\/schema\/logo\/image\/\"}}]}<\/script>\n<!-- \/ Yoast SEO plugin. -->","yoast_head_json":{"title":"Pedagog\u00eda del Movimiento - Movimiento Social Paro C\u00edvico de Buenaventura","robots":{"index":"index","follow":"follow","max-snippet":"max-snippet:-1","max-image-preview":"max-image-preview:large","max-video-preview":"max-video-preview:-1"},"canonical":"https:\/\/comite-civico.org\/?page_id=2785","og_locale":"es_ES","og_type":"article","og_title":"Pedagog\u00eda del Movimiento - Movimiento Social Paro C\u00edvico de Buenaventura","og_description":"Pedagog\u00eda del Movimiento Social Paro C\u00edvico de Buenaventura El Movimiento Social Paro C\u00edvico de Buenaventura presenta en este documento una s\u00edntesis clara del camino recorrido por las comunidades en defensa de sus derechos, desde las primeras movilizaciones hasta la conquista de herramientas, extraordinarias y excepcionales como la Ley 1872 de 2017 y el PIEDB 2040; ... Leer m\u00e1s","og_url":"https:\/\/comite-civico.org\/?page_id=2785","og_site_name":"Movimiento Social Paro C\u00edvico de Buenaventura","article_modified_time":"2025-11-08T18:55:45+00:00","twitter_card":"summary_large_image","twitter_misc":{"Tiempo de lectura":"1 minuto"},"schema":{"@context":"https:\/\/schema.org","@graph":[{"@type":"WebPage","@id":"https:\/\/comite-civico.org\/?page_id=2785","url":"https:\/\/comite-civico.org\/?page_id=2785","name":"Pedagog\u00eda del Movimiento - Movimiento Social Paro C\u00edvico de Buenaventura","isPartOf":{"@id":"https:\/\/comite-civico.org\/#website"},"datePublished":"2025-11-06T19:52:43+00:00","dateModified":"2025-11-08T18:55:45+00:00","breadcrumb":{"@id":"https:\/\/comite-civico.org\/?page_id=2785#breadcrumb"},"inLanguage":"es-CO","potentialAction":[{"@type":"ReadAction","target":["https:\/\/comite-civico.org\/?page_id=2785"]}]},{"@type":"BreadcrumbList","@id":"https:\/\/comite-civico.org\/?page_id=2785#breadcrumb","itemListElement":[{"@type":"ListItem","position":1,"name":"Inicio","item":"https:\/\/comite-civico.org\/"},{"@type":"ListItem","position":2,"name":"Pedagog\u00eda del Movimiento"}]},{"@type":"WebSite","@id":"https:\/\/comite-civico.org\/#website","url":"https:\/\/comite-civico.org\/","name":"Movimiento Social Paro C\u00edvico de Buenaventura","description":"Movimiento Social Paro C\u00edvico de Buenaventura","publisher":{"@id":"https:\/\/comite-civico.org\/#organization"},"potentialAction":[{"@type":"SearchAction","target":{"@type":"EntryPoint","urlTemplate":"https:\/\/comite-civico.org\/?s={search_term_string}"},"query-input":{"@type":"PropertyValueSpecification","valueRequired":true,"valueName":"search_term_string"}}],"inLanguage":"es-CO"},{"@type":"Organization","@id":"https:\/\/comite-civico.org\/#organization","name":"Movimiento Social Paro C\u00edvico de Buenaventura","url":"https:\/\/comite-civico.org\/","logo":{"@type":"ImageObject","inLanguage":"es-CO","@id":"https:\/\/comite-civico.org\/#\/schema\/logo\/image\/","url":"https:\/\/comite-civico.org\/wp-content\/uploads\/2021\/03\/Logo-de-Movimiento-Blanco-scaled.png","contentUrl":"https:\/\/comite-civico.org\/wp-content\/uploads\/2021\/03\/Logo-de-Movimiento-Blanco-scaled.png","width":2560,"height":1810,"caption":"Movimiento Social Paro C\u00edvico de Buenaventura"},"image":{"@id":"https:\/\/comite-civico.org\/#\/schema\/logo\/image\/"}}]}},"_links":{"self":[{"href":"https:\/\/comite-civico.org\/index.php?rest_route=\/wp\/v2\/pages\/2785","targetHints":{"allow":["GET"]}}],"collection":[{"href":"https:\/\/comite-civico.org\/index.php?rest_route=\/wp\/v2\/pages"}],"about":[{"href":"https:\/\/comite-civico.org\/index.php?rest_route=\/wp\/v2\/types\/page"}],"author":[{"embeddable":true,"href":"https:\/\/comite-civico.org\/index.php?rest_route=\/wp\/v2\/users\/1"}],"replies":[{"embeddable":true,"href":"https:\/\/comite-civico.org\/index.php?rest_route=%2Fwp%2Fv2%2Fcomments&post=2785"}],"version-history":[{"count":136,"href":"https:\/\/comite-civico.org\/index.php?rest_route=\/wp\/v2\/pages\/2785\/revisions"}],"predecessor-version":[{"id":2994,"href":"https:\/\/comite-civico.org\/index.php?rest_route=\/wp\/v2\/pages\/2785\/revisions\/2994"}],"wp:attachment":[{"href":"https:\/\/comite-civico.org\/index.php?rest_route=%2Fwp%2Fv2%2Fmedia&parent=2785"}],"curies":[{"name":"wp","href":"https:\/\/api.w.org\/{rel}","templated":true}]}}