{"id":1709,"date":"2024-07-11T06:53:48","date_gmt":"2024-07-11T11:53:48","guid":{"rendered":"http:\/\/comite-civico.org\/?page_id=1709"},"modified":"2025-11-11T12:34:27","modified_gmt":"2025-11-11T17:34:27","slug":"quienes-somos","status":"publish","type":"page","link":"https:\/\/comite-civico.org\/?page_id=1709","title":{"rendered":"QUIENES SOMOS"},"content":{"rendered":"\t\t<div data-elementor-type=\"wp-page\" data-elementor-id=\"1709\" class=\"elementor elementor-1709\" data-elementor-post-type=\"page\">\n\t\t\t\t\t\t<section data-particle_enable=\"false\" data-particle-mobile-disabled=\"false\" class=\"elementor-section elementor-top-section elementor-element elementor-element-131997b elementor-section-boxed elementor-section-height-default elementor-section-height-default\" data-id=\"131997b\" data-element_type=\"section\" data-settings=\"{&quot;jet_parallax_layout_list&quot;:[]}\">\n\t\t\t\t\t\t<div class=\"elementor-container elementor-column-gap-default\">\n\t\t\t\t\t<div class=\"elementor-column elementor-col-100 elementor-top-column elementor-element elementor-element-d192d0e\" data-id=\"d192d0e\" data-element_type=\"column\">\n\t\t\t<div class=\"elementor-widget-wrap elementor-element-populated\">\n\t\t\t\t\t\t<div class=\"elementor-element elementor-element-c0672be dce_masking-none elementor-widget elementor-widget-image\" data-id=\"c0672be\" data-element_type=\"widget\" data-widget_type=\"image.default\">\n\t\t\t\t<div class=\"elementor-widget-container\">\n\t\t\t\t\t\t\t\t\t\t\t\t\t\t\t<img fetchpriority=\"high\" decoding=\"async\" width=\"2560\" height=\"533\" src=\"https:\/\/comite-civico.org\/wp-content\/uploads\/2025\/11\/Quienes-somos-pagina-web-1-scaled.jpg\" class=\"attachment-full size-full wp-image-3076\" alt=\"\" srcset=\"https:\/\/comite-civico.org\/wp-content\/uploads\/2025\/11\/Quienes-somos-pagina-web-1-scaled.jpg 2560w, https:\/\/comite-civico.org\/wp-content\/uploads\/2025\/11\/Quienes-somos-pagina-web-1-300x63.jpg 300w, https:\/\/comite-civico.org\/wp-content\/uploads\/2025\/11\/Quienes-somos-pagina-web-1-1024x213.jpg 1024w, https:\/\/comite-civico.org\/wp-content\/uploads\/2025\/11\/Quienes-somos-pagina-web-1-768x160.jpg 768w, https:\/\/comite-civico.org\/wp-content\/uploads\/2025\/11\/Quienes-somos-pagina-web-1-1536x320.jpg 1536w, https:\/\/comite-civico.org\/wp-content\/uploads\/2025\/11\/Quienes-somos-pagina-web-1-2048x427.jpg 2048w\" sizes=\"(max-width: 2560px) 100vw, 2560px\" \/>\t\t\t\t\t\t\t\t\t\t\t\t\t\t\t<\/div>\n\t\t\t\t<\/div>\n\t\t\t\t\t<\/div>\n\t\t<\/div>\n\t\t\t\t\t<\/div>\n\t\t<\/section>\n\t\t\t\t<section data-particle_enable=\"false\" data-particle-mobile-disabled=\"false\" class=\"elementor-section elementor-top-section elementor-element elementor-element-d9f1127 elementor-section-boxed elementor-section-height-default elementor-section-height-default\" data-id=\"d9f1127\" data-element_type=\"section\" data-settings=\"{&quot;jet_parallax_layout_list&quot;:[]}\">\n\t\t\t\t\t\t<div class=\"elementor-container elementor-column-gap-default\">\n\t\t\t\t\t<div class=\"elementor-column elementor-col-100 elementor-top-column elementor-element elementor-element-f788d6b\" data-id=\"f788d6b\" data-element_type=\"column\">\n\t\t\t<div class=\"elementor-widget-wrap elementor-element-populated\">\n\t\t\t\t\t\t<div class=\"elementor-element elementor-element-8f8c523 elementor-widget elementor-widget-text-editor\" data-id=\"8f8c523\" data-element_type=\"widget\" data-widget_type=\"text-editor.default\">\n\t\t\t\t<div class=\"elementor-widget-container\">\n\t\t\t\t\t\t\t\t\t<p><strong>El Movimiento Social Paro C\u00edvico de Buenaventura \u201cPara Vivir con Dignidad y en Paz en el Territorio\u201d,\u00a0<\/strong>es una plataforma que articula organizaciones \u00e9tnico-territoriales y autoridades \u00e9tnicas de pueblos negros e ind\u00edgenas; organizaciones de base, poblacionales, sociales, ambientales, sindicales y de derechos humanos; gremios sectoriales, productivos y empresariales; y personas naturales; del distrito de Buenaventura y del Litoral Pac\u00edfico Colombiano o que tienen arraigo en el territorio. Este Movimiento Social surge en Buenaventura a ra\u00edz de las desigualdades estructurales e hist\u00f3ricas existentes en el territorio, defiende la vida, la soberan\u00eda del pueblo, los derechos humanos, \u00e9tnico-culturales y territoriales y demanda la garant\u00eda de estos por parte del Estado Colombiano.<\/p>\t\t\t\t\t\t\t\t<\/div>\n\t\t\t\t<\/div>\n\t\t\t\t\t<\/div>\n\t\t<\/div>\n\t\t\t\t\t<\/div>\n\t\t<\/section>\n\t\t\t\t<section data-particle_enable=\"false\" data-particle-mobile-disabled=\"false\" class=\"elementor-section elementor-top-section elementor-element elementor-element-2010882 elementor-section-boxed elementor-section-height-default elementor-section-height-default\" data-id=\"2010882\" data-element_type=\"section\" data-settings=\"{&quot;jet_parallax_layout_list&quot;:[]}\">\n\t\t\t\t\t\t<div class=\"elementor-container elementor-column-gap-default\">\n\t\t\t\t\t<div class=\"elementor-column elementor-col-50 elementor-top-column elementor-element elementor-element-69452ec\" data-id=\"69452ec\" data-element_type=\"column\">\n\t\t\t<div class=\"elementor-widget-wrap elementor-element-populated\">\n\t\t\t\t\t\t<div class=\"elementor-element elementor-element-864bcb3 dce_masking-none elementor-widget elementor-widget-image\" data-id=\"864bcb3\" data-element_type=\"widget\" data-widget_type=\"image.default\">\n\t\t\t\t<div class=\"elementor-widget-container\">\n\t\t\t\t\t\t\t\t\t\t\t\t\t\t\t<img decoding=\"async\" width=\"1024\" height=\"284\" src=\"https:\/\/comite-civico.org\/wp-content\/uploads\/2025\/11\/VALORES-1-1024x284.jpg\" class=\"attachment-large size-large wp-image-3086\" alt=\"\" srcset=\"https:\/\/comite-civico.org\/wp-content\/uploads\/2025\/11\/VALORES-1-1024x284.jpg 1024w, https:\/\/comite-civico.org\/wp-content\/uploads\/2025\/11\/VALORES-1-300x83.jpg 300w, https:\/\/comite-civico.org\/wp-content\/uploads\/2025\/11\/VALORES-1-768x213.jpg 768w, https:\/\/comite-civico.org\/wp-content\/uploads\/2025\/11\/VALORES-1.jpg 1080w\" sizes=\"(max-width: 1024px) 100vw, 1024px\" \/>\t\t\t\t\t\t\t\t\t\t\t\t\t\t\t<\/div>\n\t\t\t\t<\/div>\n\t\t\t\t<div class=\"elementor-element elementor-element-bea1e86 elementor-widget elementor-widget-heading\" data-id=\"bea1e86\" data-element_type=\"widget\" data-widget_type=\"heading.default\">\n\t\t\t\t<div class=\"elementor-widget-container\">\n\t\t\t\t\t<h2 class=\"elementor-heading-title elementor-size-default\">VALORES<b>\n<\/b><\/h2>\t\t\t\t<\/div>\n\t\t\t\t<\/div>\n\t\t\t\t<div class=\"elementor-element elementor-element-d9f857f elementor-widget elementor-widget-text-editor\" data-id=\"d9f857f\" data-element_type=\"widget\" data-widget_type=\"text-editor.default\">\n\t\t\t\t<div class=\"elementor-widget-container\">\n\t\t\t\t\t\t\t\t\t<p>El Movimiento Social Paro C\u00edvico de Buenaventura encarn\u00f3 una serie de valores fundamentales que impulsaron su movilizaci\u00f3n y lograron resonar en la conciencia colectiva. La vida, la dignidad, la paz, el territorio, la solidaridad, la unidad, la resistencia pac\u00edfica y la b\u00fasqueda de la justicia social son pilares indiscutibles de este movimiento. Los bonaverenses demostraron un profundo compromiso con su comunidad, exigiendo el respeto a sus derechos y la dignificaci\u00f3n de sus vidas. A trav\u00e9s de la organizaci\u00f3n y la participaci\u00f3n activa, lograron visibilizar las desigualdades y las injusticias que hist\u00f3ricamente hab\u00edan marcado a su regi\u00f3n, demostrando as\u00ed el poder transformador de la movilizaci\u00f3n ciudadana.\u00a0<\/p>\t\t\t\t\t\t\t\t<\/div>\n\t\t\t\t<\/div>\n\t\t\t\t<div class=\"elementor-element elementor-element-9fca23d elementor-widget elementor-widget-text-editor\" data-id=\"9fca23d\" data-element_type=\"widget\" data-widget_type=\"text-editor.default\">\n\t\t\t\t<div class=\"elementor-widget-container\">\n\t\t\t\t\t\t\t\t\t<p>Exigir y generar condiciones para vivir con dignidad y en paz en Buenaventura y en todo el Litoral Pac\u00edfico, mediante el cumplimiento de los acuerdos del Paro C\u00edvico.<\/p>\t\t\t\t\t\t\t\t<\/div>\n\t\t\t\t<\/div>\n\t\t\t\t\t<\/div>\n\t\t<\/div>\n\t\t\t\t<div class=\"elementor-column elementor-col-50 elementor-top-column elementor-element elementor-element-afa0968\" data-id=\"afa0968\" data-element_type=\"column\">\n\t\t\t<div class=\"elementor-widget-wrap elementor-element-populated\">\n\t\t\t\t\t\t<div class=\"elementor-element elementor-element-0a58b8b dce_masking-none elementor-widget elementor-widget-image\" data-id=\"0a58b8b\" data-element_type=\"widget\" data-widget_type=\"image.default\">\n\t\t\t\t<div class=\"elementor-widget-container\">\n\t\t\t\t\t\t\t\t\t\t\t\t\t\t\t<img decoding=\"async\" width=\"1024\" height=\"284\" src=\"https:\/\/comite-civico.org\/wp-content\/uploads\/2025\/11\/OBJETIVOS-1-1024x284.jpg\" class=\"attachment-large size-large wp-image-3085\" alt=\"\" srcset=\"https:\/\/comite-civico.org\/wp-content\/uploads\/2025\/11\/OBJETIVOS-1-1024x284.jpg 1024w, https:\/\/comite-civico.org\/wp-content\/uploads\/2025\/11\/OBJETIVOS-1-300x83.jpg 300w, https:\/\/comite-civico.org\/wp-content\/uploads\/2025\/11\/OBJETIVOS-1-768x213.jpg 768w, https:\/\/comite-civico.org\/wp-content\/uploads\/2025\/11\/OBJETIVOS-1.jpg 1080w\" sizes=\"(max-width: 1024px) 100vw, 1024px\" \/>\t\t\t\t\t\t\t\t\t\t\t\t\t\t\t<\/div>\n\t\t\t\t<\/div>\n\t\t\t\t<div class=\"elementor-element elementor-element-a40b278 elementor-widget elementor-widget-heading\" data-id=\"a40b278\" data-element_type=\"widget\" data-widget_type=\"heading.default\">\n\t\t\t\t<div class=\"elementor-widget-container\">\n\t\t\t\t\t<h2 class=\"elementor-heading-title elementor-size-default\">OBJETIVOS<\/h2>\t\t\t\t<\/div>\n\t\t\t\t<\/div>\n\t\t\t\t<div class=\"elementor-element elementor-element-88268fd elementor-widget elementor-widget-text-editor\" data-id=\"88268fd\" data-element_type=\"widget\" data-widget_type=\"text-editor.default\">\n\t\t\t\t<div class=\"elementor-widget-container\">\n\t\t\t\t\t\t\t\t\t<p>Exigir y generar condiciones para vivir con dignidad y en paz en Buenaventura y en todo el Litoral Pac\u00edfico, mediante el cumplimiento de los acuerdos del Paro C\u00edvico.<\/p>\t\t\t\t\t\t\t\t<\/div>\n\t\t\t\t<\/div>\n\t\t\t\t\t<\/div>\n\t\t<\/div>\n\t\t\t\t\t<\/div>\n\t\t<\/section>\n\t\t\t\t<section data-particle_enable=\"false\" data-particle-mobile-disabled=\"false\" class=\"elementor-section elementor-top-section elementor-element elementor-element-40f5c72 elementor-section-boxed elementor-section-height-default elementor-section-height-default\" data-id=\"40f5c72\" data-element_type=\"section\" data-settings=\"{&quot;jet_parallax_layout_list&quot;:[],&quot;background_background&quot;:&quot;classic&quot;}\">\n\t\t\t\t\t\t<div class=\"elementor-container elementor-column-gap-default\">\n\t\t\t\t\t<div class=\"elementor-column elementor-col-100 elementor-top-column elementor-element elementor-element-117992c\" data-id=\"117992c\" data-element_type=\"column\">\n\t\t\t<div class=\"elementor-widget-wrap\">\n\t\t\t\t\t\t\t<\/div>\n\t\t<\/div>\n\t\t\t\t\t<\/div>\n\t\t<\/section>\n\t\t\t\t<section data-particle_enable=\"false\" data-particle-mobile-disabled=\"false\" class=\"elementor-section elementor-top-section elementor-element elementor-element-c5d46ce elementor-section-boxed elementor-section-height-default elementor-section-height-default\" data-id=\"c5d46ce\" data-element_type=\"section\" data-settings=\"{&quot;jet_parallax_layout_list&quot;:[]}\">\n\t\t\t\t\t\t<div class=\"elementor-container elementor-column-gap-default\">\n\t\t\t\t\t<div class=\"elementor-column elementor-col-100 elementor-top-column elementor-element elementor-element-6072355\" data-id=\"6072355\" data-element_type=\"column\">\n\t\t\t<div class=\"elementor-widget-wrap\">\n\t\t\t\t\t\t\t<\/div>\n\t\t<\/div>\n\t\t\t\t\t<\/div>\n\t\t<\/section>\n\t\t\t\t<\/div>\n\t\t","protected":false},"excerpt":{"rendered":"<p>El Movimiento Social Paro C\u00edvico de Buenaventura \u201cPara Vivir con Dignidad y en Paz en el Territorio\u201d,\u00a0es una plataforma que articula organizaciones \u00e9tnico-territoriales y autoridades \u00e9tnicas de pueblos negros e ind\u00edgenas; organizaciones de base, poblacionales, sociales, ambientales, sindicales y de derechos humanos; gremios sectoriales, productivos y empresariales; y personas naturales; del distrito de Buenaventura y &#8230; <a title=\"QUIENES SOMOS\" class=\"read-more\" href=\"https:\/\/comite-civico.org\/?page_id=1709\" aria-label=\"Read more about QUIENES SOMOS\">Leer m\u00e1s<\/a><\/p>\n","protected":false},"author":1,"featured_media":0,"parent":0,"menu_order":0,"comment_status":"closed","ping_status":"closed","template":"elementor_header_footer","meta":{"footnotes":""},"class_list":["post-1709","page","type-page","status-publish"],"acf":[],"yoast_head":"<!-- This site is optimized with the Yoast SEO plugin v25.0 - https:\/\/yoast.com\/wordpress\/plugins\/seo\/ -->\n<title>QUIENES SOMOS - Movimiento Social Paro C\u00edvico de Buenaventura<\/title>\n<meta name=\"robots\" content=\"index, follow, max-snippet:-1, max-image-preview:large, max-video-preview:-1\" \/>\n<link rel=\"canonical\" href=\"https:\/\/comite-civico.org\/?page_id=1709\" \/>\n<meta property=\"og:locale\" content=\"es_ES\" \/>\n<meta property=\"og:type\" content=\"article\" \/>\n<meta property=\"og:title\" content=\"QUIENES SOMOS - Movimiento Social Paro C\u00edvico de Buenaventura\" \/>\n<meta property=\"og:description\" content=\"El Movimiento Social Paro C\u00edvico de Buenaventura \u201cPara Vivir con Dignidad y en Paz en el Territorio\u201d,\u00a0es una plataforma que articula organizaciones \u00e9tnico-territoriales y autoridades \u00e9tnicas de pueblos negros e ind\u00edgenas; organizaciones de base, poblacionales, sociales, ambientales, sindicales y de derechos humanos; gremios sectoriales, productivos y empresariales; y personas naturales; del distrito de Buenaventura y ... Leer m\u00e1s\" \/>\n<meta property=\"og:url\" content=\"https:\/\/comite-civico.org\/?page_id=1709\" \/>\n<meta property=\"og:site_name\" content=\"Movimiento Social Paro C\u00edvico de Buenaventura\" \/>\n<meta property=\"article:modified_time\" content=\"2025-11-11T17:34:27+00:00\" \/>\n<meta property=\"og:image\" content=\"http:\/\/comite-civico.org\/wp-content\/uploads\/2024\/05\/421524539_703109635354723_3580316381143281513_n.jpg\" \/>\n\t<meta property=\"og:image:width\" content=\"1280\" \/>\n\t<meta property=\"og:image:height\" content=\"671\" \/>\n\t<meta property=\"og:image:type\" content=\"image\/jpeg\" \/>\n<meta name=\"twitter:card\" content=\"summary_large_image\" \/>\n<meta name=\"twitter:label1\" content=\"Tiempo de lectura\" \/>\n\t<meta name=\"twitter:data1\" content=\"2 minutos\" \/>\n<script type=\"application\/ld+json\" class=\"yoast-schema-graph\">{\"@context\":\"https:\/\/schema.org\",\"@graph\":[{\"@type\":\"WebPage\",\"@id\":\"https:\/\/comite-civico.org\/?page_id=1709\",\"url\":\"https:\/\/comite-civico.org\/?page_id=1709\",\"name\":\"QUIENES SOMOS - Movimiento Social Paro C\u00edvico de Buenaventura\",\"isPartOf\":{\"@id\":\"https:\/\/comite-civico.org\/#website\"},\"primaryImageOfPage\":{\"@id\":\"https:\/\/comite-civico.org\/?page_id=1709#primaryimage\"},\"image\":{\"@id\":\"https:\/\/comite-civico.org\/?page_id=1709#primaryimage\"},\"thumbnailUrl\":\"http:\/\/comite-civico.org\/wp-content\/uploads\/2025\/11\/Quienes-somos-pagina-web-1-scaled.jpg\",\"datePublished\":\"2024-07-11T11:53:48+00:00\",\"dateModified\":\"2025-11-11T17:34:27+00:00\",\"breadcrumb\":{\"@id\":\"https:\/\/comite-civico.org\/?page_id=1709#breadcrumb\"},\"inLanguage\":\"es-CO\",\"potentialAction\":[{\"@type\":\"ReadAction\",\"target\":[\"https:\/\/comite-civico.org\/?page_id=1709\"]}]},{\"@type\":\"ImageObject\",\"inLanguage\":\"es-CO\",\"@id\":\"https:\/\/comite-civico.org\/?page_id=1709#primaryimage\",\"url\":\"https:\/\/comite-civico.org\/wp-content\/uploads\/2025\/11\/Quienes-somos-pagina-web-1-scaled.jpg\",\"contentUrl\":\"https:\/\/comite-civico.org\/wp-content\/uploads\/2025\/11\/Quienes-somos-pagina-web-1-scaled.jpg\",\"width\":2560,\"height\":533},{\"@type\":\"BreadcrumbList\",\"@id\":\"https:\/\/comite-civico.org\/?page_id=1709#breadcrumb\",\"itemListElement\":[{\"@type\":\"ListItem\",\"position\":1,\"name\":\"Inicio\",\"item\":\"https:\/\/comite-civico.org\/\"},{\"@type\":\"ListItem\",\"position\":2,\"name\":\"QUIENES SOMOS\"}]},{\"@type\":\"WebSite\",\"@id\":\"https:\/\/comite-civico.org\/#website\",\"url\":\"https:\/\/comite-civico.org\/\",\"name\":\"Movimiento Social Paro C\u00edvico de Buenaventura\",\"description\":\"Movimiento Social Paro C\u00edvico de Buenaventura\",\"publisher\":{\"@id\":\"https:\/\/comite-civico.org\/#organization\"},\"potentialAction\":[{\"@type\":\"SearchAction\",\"target\":{\"@type\":\"EntryPoint\",\"urlTemplate\":\"https:\/\/comite-civico.org\/?s={search_term_string}\"},\"query-input\":{\"@type\":\"PropertyValueSpecification\",\"valueRequired\":true,\"valueName\":\"search_term_string\"}}],\"inLanguage\":\"es-CO\"},{\"@type\":\"Organization\",\"@id\":\"https:\/\/comite-civico.org\/#organization\",\"name\":\"Movimiento Social Paro C\u00edvico de Buenaventura\",\"url\":\"https:\/\/comite-civico.org\/\",\"logo\":{\"@type\":\"ImageObject\",\"inLanguage\":\"es-CO\",\"@id\":\"https:\/\/comite-civico.org\/#\/schema\/logo\/image\/\",\"url\":\"https:\/\/comite-civico.org\/wp-content\/uploads\/2021\/03\/Logo-de-Movimiento-Blanco-scaled.png\",\"contentUrl\":\"https:\/\/comite-civico.org\/wp-content\/uploads\/2021\/03\/Logo-de-Movimiento-Blanco-scaled.png\",\"width\":2560,\"height\":1810,\"caption\":\"Movimiento Social Paro C\u00edvico de Buenaventura\"},\"image\":{\"@id\":\"https:\/\/comite-civico.org\/#\/schema\/logo\/image\/\"}}]}<\/script>\n<!-- \/ Yoast SEO plugin. -->","yoast_head_json":{"title":"QUIENES SOMOS - Movimiento Social Paro C\u00edvico de Buenaventura","robots":{"index":"index","follow":"follow","max-snippet":"max-snippet:-1","max-image-preview":"max-image-preview:large","max-video-preview":"max-video-preview:-1"},"canonical":"https:\/\/comite-civico.org\/?page_id=1709","og_locale":"es_ES","og_type":"article","og_title":"QUIENES SOMOS - Movimiento Social Paro C\u00edvico de Buenaventura","og_description":"El Movimiento Social Paro C\u00edvico de Buenaventura \u201cPara Vivir con Dignidad y en Paz en el Territorio\u201d,\u00a0es una plataforma que articula organizaciones \u00e9tnico-territoriales y autoridades \u00e9tnicas de pueblos negros e ind\u00edgenas; organizaciones de base, poblacionales, sociales, ambientales, sindicales y de derechos humanos; gremios sectoriales, productivos y empresariales; y personas naturales; del distrito de Buenaventura y ... Leer m\u00e1s","og_url":"https:\/\/comite-civico.org\/?page_id=1709","og_site_name":"Movimiento Social Paro C\u00edvico de Buenaventura","article_modified_time":"2025-11-11T17:34:27+00:00","og_image":[{"width":1280,"height":671,"url":"http:\/\/comite-civico.org\/wp-content\/uploads\/2024\/05\/421524539_703109635354723_3580316381143281513_n.jpg","type":"image\/jpeg"}],"twitter_card":"summary_large_image","twitter_misc":{"Tiempo de lectura":"2 minutos"},"schema":{"@context":"https:\/\/schema.org","@graph":[{"@type":"WebPage","@id":"https:\/\/comite-civico.org\/?page_id=1709","url":"https:\/\/comite-civico.org\/?page_id=1709","name":"QUIENES SOMOS - Movimiento Social Paro C\u00edvico de Buenaventura","isPartOf":{"@id":"https:\/\/comite-civico.org\/#website"},"primaryImageOfPage":{"@id":"https:\/\/comite-civico.org\/?page_id=1709#primaryimage"},"image":{"@id":"https:\/\/comite-civico.org\/?page_id=1709#primaryimage"},"thumbnailUrl":"http:\/\/comite-civico.org\/wp-content\/uploads\/2025\/11\/Quienes-somos-pagina-web-1-scaled.jpg","datePublished":"2024-07-11T11:53:48+00:00","dateModified":"2025-11-11T17:34:27+00:00","breadcrumb":{"@id":"https:\/\/comite-civico.org\/?page_id=1709#breadcrumb"},"inLanguage":"es-CO","potentialAction":[{"@type":"ReadAction","target":["https:\/\/comite-civico.org\/?page_id=1709"]}]},{"@type":"ImageObject","inLanguage":"es-CO","@id":"https:\/\/comite-civico.org\/?page_id=1709#primaryimage","url":"https:\/\/comite-civico.org\/wp-content\/uploads\/2025\/11\/Quienes-somos-pagina-web-1-scaled.jpg","contentUrl":"https:\/\/comite-civico.org\/wp-content\/uploads\/2025\/11\/Quienes-somos-pagina-web-1-scaled.jpg","width":2560,"height":533},{"@type":"BreadcrumbList","@id":"https:\/\/comite-civico.org\/?page_id=1709#breadcrumb","itemListElement":[{"@type":"ListItem","position":1,"name":"Inicio","item":"https:\/\/comite-civico.org\/"},{"@type":"ListItem","position":2,"name":"QUIENES SOMOS"}]},{"@type":"WebSite","@id":"https:\/\/comite-civico.org\/#website","url":"https:\/\/comite-civico.org\/","name":"Movimiento Social Paro C\u00edvico de Buenaventura","description":"Movimiento Social Paro C\u00edvico de Buenaventura","publisher":{"@id":"https:\/\/comite-civico.org\/#organization"},"potentialAction":[{"@type":"SearchAction","target":{"@type":"EntryPoint","urlTemplate":"https:\/\/comite-civico.org\/?s={search_term_string}"},"query-input":{"@type":"PropertyValueSpecification","valueRequired":true,"valueName":"search_term_string"}}],"inLanguage":"es-CO"},{"@type":"Organization","@id":"https:\/\/comite-civico.org\/#organization","name":"Movimiento Social Paro C\u00edvico de Buenaventura","url":"https:\/\/comite-civico.org\/","logo":{"@type":"ImageObject","inLanguage":"es-CO","@id":"https:\/\/comite-civico.org\/#\/schema\/logo\/image\/","url":"https:\/\/comite-civico.org\/wp-content\/uploads\/2021\/03\/Logo-de-Movimiento-Blanco-scaled.png","contentUrl":"https:\/\/comite-civico.org\/wp-content\/uploads\/2021\/03\/Logo-de-Movimiento-Blanco-scaled.png","width":2560,"height":1810,"caption":"Movimiento Social Paro C\u00edvico de Buenaventura"},"image":{"@id":"https:\/\/comite-civico.org\/#\/schema\/logo\/image\/"}}]}},"_links":{"self":[{"href":"https:\/\/comite-civico.org\/index.php?rest_route=\/wp\/v2\/pages\/1709","targetHints":{"allow":["GET"]}}],"collection":[{"href":"https:\/\/comite-civico.org\/index.php?rest_route=\/wp\/v2\/pages"}],"about":[{"href":"https:\/\/comite-civico.org\/index.php?rest_route=\/wp\/v2\/types\/page"}],"author":[{"embeddable":true,"href":"https:\/\/comite-civico.org\/index.php?rest_route=\/wp\/v2\/users\/1"}],"replies":[{"embeddable":true,"href":"https:\/\/comite-civico.org\/index.php?rest_route=%2Fwp%2Fv2%2Fcomments&post=1709"}],"version-history":[{"count":66,"href":"https:\/\/comite-civico.org\/index.php?rest_route=\/wp\/v2\/pages\/1709\/revisions"}],"predecessor-version":[{"id":3089,"href":"https:\/\/comite-civico.org\/index.php?rest_route=\/wp\/v2\/pages\/1709\/revisions\/3089"}],"wp:attachment":[{"href":"https:\/\/comite-civico.org\/index.php?rest_route=%2Fwp%2Fv2%2Fmedia&parent=1709"}],"curies":[{"name":"wp","href":"https:\/\/api.w.org\/{rel}","templated":true}]}}