{"id":1323,"date":"2024-01-21T18:14:35","date_gmt":"2024-01-21T23:14:35","guid":{"rendered":"http:\/\/comite-civico.org\/?page_id=1323"},"modified":"2025-11-11T06:23:57","modified_gmt":"2025-11-11T11:23:57","slug":"piedb","status":"publish","type":"page","link":"https:\/\/comite-civico.org\/?page_id=1323","title":{"rendered":"PIEDB"},"content":{"rendered":"\t\t<div data-elementor-type=\"wp-page\" data-elementor-id=\"1323\" class=\"elementor elementor-1323\" data-elementor-post-type=\"page\">\n\t\t\t\t\t\t<section data-particle_enable=\"false\" data-particle-mobile-disabled=\"false\" class=\"elementor-section elementor-top-section elementor-element elementor-element-2e4482d elementor-section-boxed elementor-section-height-default elementor-section-height-default\" data-id=\"2e4482d\" data-element_type=\"section\" data-settings=\"{&quot;jet_parallax_layout_list&quot;:[]}\">\n\t\t\t\t\t\t<div class=\"elementor-container elementor-column-gap-default\">\n\t\t\t\t\t<div class=\"elementor-column elementor-col-100 elementor-top-column elementor-element elementor-element-662e2e5\" data-id=\"662e2e5\" data-element_type=\"column\">\n\t\t\t<div class=\"elementor-widget-wrap elementor-element-populated\">\n\t\t\t\t\t\t<div class=\"elementor-element elementor-element-3338432 dce_masking-none elementor-widget elementor-widget-image\" data-id=\"3338432\" data-element_type=\"widget\" data-widget_type=\"image.default\">\n\t\t\t\t<div class=\"elementor-widget-container\">\n\t\t\t\t\t\t\t\t\t\t\t\t\t\t\t<img fetchpriority=\"high\" decoding=\"async\" width=\"1920\" height=\"400\" src=\"https:\/\/comite-civico.org\/wp-content\/uploads\/2025\/11\/Banner-PIEDB.jpg\" class=\"attachment-full size-full wp-image-3001\" alt=\"\" srcset=\"https:\/\/comite-civico.org\/wp-content\/uploads\/2025\/11\/Banner-PIEDB.jpg 1920w, https:\/\/comite-civico.org\/wp-content\/uploads\/2025\/11\/Banner-PIEDB-300x63.jpg 300w, https:\/\/comite-civico.org\/wp-content\/uploads\/2025\/11\/Banner-PIEDB-1024x213.jpg 1024w, https:\/\/comite-civico.org\/wp-content\/uploads\/2025\/11\/Banner-PIEDB-768x160.jpg 768w, https:\/\/comite-civico.org\/wp-content\/uploads\/2025\/11\/Banner-PIEDB-1536x320.jpg 1536w\" sizes=\"(max-width: 1920px) 100vw, 1920px\" \/>\t\t\t\t\t\t\t\t\t\t\t\t\t\t\t<\/div>\n\t\t\t\t<\/div>\n\t\t\t\t\t<\/div>\n\t\t<\/div>\n\t\t\t\t\t<\/div>\n\t\t<\/section>\n\t\t\t\t<section data-particle_enable=\"false\" data-particle-mobile-disabled=\"false\" class=\"elementor-section elementor-top-section elementor-element elementor-element-fc708b5 elementor-section-full_width elementor-section-height-default elementor-section-height-default\" data-id=\"fc708b5\" data-element_type=\"section\" data-settings=\"{&quot;jet_parallax_layout_list&quot;:[]}\">\n\t\t\t\t\t\t<div class=\"elementor-container elementor-column-gap-default\">\n\t\t\t\t\t<div class=\"elementor-column elementor-col-100 elementor-top-column elementor-element elementor-element-e6134da\" data-id=\"e6134da\" data-element_type=\"column\">\n\t\t\t<div class=\"elementor-widget-wrap elementor-element-populated\">\n\t\t\t\t\t\t<div class=\"elementor-element elementor-element-a97139a elementor-align-center elementor-widget elementor-widget-dce-pdf-viewer\" data-id=\"a97139a\" data-element_type=\"widget\" data-settings=\"{&quot;source&quot;:&quot;url&quot;,&quot;zoom&quot;:1,&quot;source_url&quot;:{&quot;url&quot;:&quot;https:\\\/\\\/comite-civico.org\\\/wp-content\\\/uploads\\\/2024\\\/01\\\/20221024_plan_integral_especial_para_el_desarrollo_de_buenaventura___piedb.pdf&quot;,&quot;is_external&quot;:&quot;&quot;,&quot;nofollow&quot;:&quot;&quot;,&quot;custom_attributes&quot;:&quot;&quot;},&quot;navigation_controls&quot;:&quot;yes&quot;,&quot;zoom_controls&quot;:&quot;yes&quot;}\" data-widget_type=\"dce-pdf-viewer.default\">\n\t\t\t\t<div class=\"elementor-widget-container\">\n\t\t\t\t\t\n\t\t\t\t<div class=\"dce-pdf-controls\">\n\t\t\t\t\t\t<div class=\"dce-pdf-navigation-controls\">\n\t\t\t\t<button class=\"dce-pdf-go-previous\">\u00c1nterior<\/button>\n\t\t\t\t<input class=\"dce-pdf-current-page\" value=\"1\" type=\"number\" \/>\n\t\t\t\t<button class=\"dce-pdf-go-next\">Siguiente<\/button>\n\t\t\t<\/div>\n\t\t\t\n\t\t\t\t\t\t<div class=\"dce-pdf-zoom-controls\">\n\t\t\t\t<button class=\"dce-pdf-zoom-in\">+<\/button>\n\t\t\t\t<button class=\"dce-pdf-zoom-out\">-<\/button>\n\t\t\t<\/div>\n\t\t\t\n\t\t\t\n\t\t\t\t\t<\/div>\n\t\t\n\t\t<div class=\"dce-pdf-canvas-container\">\n\t\t\t<canvas class=\"dce-pdf-renderer\"><\/canvas>\n\t\t<\/div>\n\t\t\t\t<\/div>\n\t\t\t\t<\/div>\n\t\t\t\t\t<\/div>\n\t\t<\/div>\n\t\t\t\t\t<\/div>\n\t\t<\/section>\n\t\t\t\t<section data-particle_enable=\"false\" data-particle-mobile-disabled=\"false\" class=\"elementor-section elementor-top-section elementor-element elementor-element-8667f8d elementor-section-boxed elementor-section-height-default elementor-section-height-default\" data-id=\"8667f8d\" data-element_type=\"section\" data-settings=\"{&quot;jet_parallax_layout_list&quot;:[],&quot;background_background&quot;:&quot;gradient&quot;}\">\n\t\t\t\t\t\t<div class=\"elementor-container elementor-column-gap-default\">\n\t\t\t\t\t<div class=\"elementor-column elementor-col-100 elementor-top-column elementor-element elementor-element-0cc5e62\" data-id=\"0cc5e62\" data-element_type=\"column\">\n\t\t\t<div class=\"elementor-widget-wrap elementor-element-populated\">\n\t\t\t\t\t\t<div class=\"elementor-element elementor-element-d7557e9 elementor-widget elementor-widget-text-editor\" data-id=\"d7557e9\" data-element_type=\"widget\" data-widget_type=\"text-editor.default\">\n\t\t\t\t<div class=\"elementor-widget-container\">\n\t\t\t\t\t\t\t\t\t<p>El art\u00edculo 3 de la Ley 1872 de 2017 que se cita establece que \u00e9ste fondo tiene por objeto:<\/p>\n<p>\u201cPromover el desarrollo integral del Distrito de Buenaventura, a trav\u00e9s de la financiaci\u00f3n o la inversi\u00f3n en proyectos que atiendan las necesidades m\u00e1s urgentes del Distrito y, principalmente, la financiaci\u00f3n de un Plan Especial de Desarrollo Integral, con inversiones a 10 a\u00f1os, orientadas a convertir al Distrito Especial en un territorio en el que se garanticen plenamente condiciones de bienestar y progreso en materia social, econ\u00f3mica, institucional y ambiental para sus pobladores urbanos y rurales\u201d.<\/p>\n\t\t\t\t\t\t\t\t<\/div>\n\t\t\t\t<\/div>\n\t\t\t\t\t<\/div>\n\t\t<\/div>\n\t\t\t\t\t<\/div>\n\t\t<\/section>\n\t\t\t\t<section data-particle_enable=\"false\" data-particle-mobile-disabled=\"false\" class=\"elementor-section elementor-top-section elementor-element elementor-element-572370a elementor-section-boxed elementor-section-height-default elementor-section-height-default\" data-id=\"572370a\" data-element_type=\"section\" data-settings=\"{&quot;jet_parallax_layout_list&quot;:[]}\">\n\t\t\t\t\t\t<div class=\"elementor-container elementor-column-gap-default\">\n\t\t\t\t\t<div class=\"elementor-column elementor-col-100 elementor-top-column elementor-element elementor-element-a3f03cd\" data-id=\"a3f03cd\" data-element_type=\"column\">\n\t\t\t<div class=\"elementor-widget-wrap elementor-element-populated\">\n\t\t\t\t\t\t<div class=\"elementor-element elementor-element-f2e515b elementor-widget__width-initial elementor-widget elementor-widget-heading\" data-id=\"f2e515b\" data-element_type=\"widget\" data-widget_type=\"heading.default\">\n\t\t\t\t<div class=\"elementor-widget-container\">\n\t\t\t\t\t<h2 class=\"elementor-heading-title elementor-size-default\">PLAN INTEGRAL ESPECIAL PARA EL DESARROLLO DE BUENAVENTURA PIEDB<\/h2>\t\t\t\t<\/div>\n\t\t\t\t<\/div>\n\t\t\t\t\t<\/div>\n\t\t<\/div>\n\t\t\t\t\t<\/div>\n\t\t<\/section>\n\t\t\t\t<section data-particle_enable=\"false\" data-particle-mobile-disabled=\"false\" class=\"elementor-section elementor-top-section elementor-element elementor-element-f6a688f elementor-section-boxed elementor-section-height-default elementor-section-height-default\" data-id=\"f6a688f\" data-element_type=\"section\" data-settings=\"{&quot;jet_parallax_layout_list&quot;:[]}\">\n\t\t\t\t\t\t<div class=\"elementor-container elementor-column-gap-default\">\n\t\t\t\t\t<div class=\"elementor-column elementor-col-100 elementor-top-column elementor-element elementor-element-70ce25a\" data-id=\"70ce25a\" data-element_type=\"column\">\n\t\t\t<div class=\"elementor-widget-wrap elementor-element-populated\">\n\t\t\t\t\t\t<div class=\"elementor-element elementor-element-ad63f1e dce_masking-none elementor-widget elementor-widget-image\" data-id=\"ad63f1e\" data-element_type=\"widget\" data-widget_type=\"image.default\">\n\t\t\t\t<div class=\"elementor-widget-container\">\n\t\t\t\t\t\t\t\t\t\t\t\t\t\t\t\t<a href=\"http:\/\/comite-civico.org\/wp-content\/uploads\/2025\/11\/21102022-Producto-6.-Marco-Estrategico-y-Program-del-PIEDB-aprobado.pdf\">\n\t\t\t\t\t\t\t<img decoding=\"async\" width=\"2560\" height=\"533\" src=\"https:\/\/comite-civico.org\/wp-content\/uploads\/2025\/11\/Descarga-Marco-Estrategico-PIEDB-scaled.jpg\" class=\"attachment-full size-full wp-image-3054\" alt=\"\" srcset=\"https:\/\/comite-civico.org\/wp-content\/uploads\/2025\/11\/Descarga-Marco-Estrategico-PIEDB-scaled.jpg 2560w, https:\/\/comite-civico.org\/wp-content\/uploads\/2025\/11\/Descarga-Marco-Estrategico-PIEDB-300x63.jpg 300w, https:\/\/comite-civico.org\/wp-content\/uploads\/2025\/11\/Descarga-Marco-Estrategico-PIEDB-1024x213.jpg 1024w, https:\/\/comite-civico.org\/wp-content\/uploads\/2025\/11\/Descarga-Marco-Estrategico-PIEDB-768x160.jpg 768w, https:\/\/comite-civico.org\/wp-content\/uploads\/2025\/11\/Descarga-Marco-Estrategico-PIEDB-1536x320.jpg 1536w, https:\/\/comite-civico.org\/wp-content\/uploads\/2025\/11\/Descarga-Marco-Estrategico-PIEDB-2048x427.jpg 2048w\" sizes=\"(max-width: 2560px) 100vw, 2560px\" \/>\t\t\t\t\t\t\t\t<\/a>\n\t\t\t\t\t\t\t\t\t\t\t\t\t\t\t<\/div>\n\t\t\t\t<\/div>\n\t\t\t\t\t<\/div>\n\t\t<\/div>\n\t\t\t\t\t<\/div>\n\t\t<\/section>\n\t\t\t\t<section data-particle_enable=\"false\" data-particle-mobile-disabled=\"false\" class=\"elementor-section elementor-top-section elementor-element elementor-element-b64c7d3 elementor-section-boxed elementor-section-height-default elementor-section-height-default\" data-id=\"b64c7d3\" data-element_type=\"section\" data-settings=\"{&quot;jet_parallax_layout_list&quot;:[]}\">\n\t\t\t\t\t\t<div class=\"elementor-container elementor-column-gap-default\">\n\t\t\t\t\t<div class=\"elementor-column elementor-col-100 elementor-top-column elementor-element elementor-element-36ac124\" data-id=\"36ac124\" data-element_type=\"column\">\n\t\t\t<div class=\"elementor-widget-wrap elementor-element-populated\">\n\t\t\t\t\t\t<div class=\"elementor-element elementor-element-bbd7003 elementor-widget elementor-widget-text-editor\" data-id=\"bbd7003\" data-element_type=\"widget\" data-widget_type=\"text-editor.default\">\n\t\t\t\t<div class=\"elementor-widget-container\">\n\t\t\t\t\t\t\t\t\t<p>En un contexto en el que se conjugan las potencialidades de Buenaventura (representadas en la inmensa riqueza de su fauna y su flora), una poderosa infraestructura portuaria -y la generaci\u00f3n de capital que se le asocia- con la pobreza y la falta de oportunidades para la poblaci\u00f3n, los y las bonaverenses decidieron salir a las calles un 16 de mayo de 2017 iniciando un paro que se prolong\u00f3 durante 22 d\u00edas, hasta el 6 de junio de ese a\u00f1o, fecha en la que concertaron un conjunto de acuerdos con el Gobierno Nacional entre los que se destaca la formulaci\u00f3n del Plan Integral Especial para el Desarrollo de Buenaventura, PIEDB.<\/p><p>La formulaci\u00f3n del PIEDB se establece en el contenido de la Ley 1872 del 18 de diciembre de 2017 que crea el fondo de patrimonio aut\u00f3nomo FONBUENAVENTURA para la financiaci\u00f3n de los proyectos que se dise\u00f1en en el marco del plan de desarrollo social especial para Buenaventura.<\/p>\t\t\t\t\t\t\t\t<\/div>\n\t\t\t\t<\/div>\n\t\t\t\t\t<\/div>\n\t\t<\/div>\n\t\t\t\t\t<\/div>\n\t\t<\/section>\n\t\t\t\t<\/div>\n\t\t","protected":false},"excerpt":{"rendered":"<p>PLAN INTEGRAL ESPECIAL PARA EL DESARROLLO DE BUENAVENTURA PIEDB En un contexto en el que se conjugan las potencialidades de Buenaventura (representadas en la inmensa riqueza de su fauna y su flora), una poderosa infraestructura portuaria -y la generaci\u00f3n de capital que se le asocia- con la pobreza y la falta de oportunidades para la &#8230; <a title=\"PIEDB\" class=\"read-more\" href=\"https:\/\/comite-civico.org\/?page_id=1323\" aria-label=\"Read more about PIEDB\">Leer m\u00e1s<\/a><\/p>\n","protected":false},"author":1,"featured_media":0,"parent":0,"menu_order":0,"comment_status":"closed","ping_status":"closed","template":"elementor_header_footer","meta":{"footnotes":""},"class_list":["post-1323","page","type-page","status-publish"],"acf":[],"yoast_head":"<!-- This site is optimized with the Yoast SEO plugin v25.0 - https:\/\/yoast.com\/wordpress\/plugins\/seo\/ -->\n<title>PIEDB - Movimiento Social Paro C\u00edvico de Buenaventura<\/title>\n<meta name=\"robots\" content=\"index, follow, max-snippet:-1, max-image-preview:large, max-video-preview:-1\" \/>\n<link rel=\"canonical\" href=\"https:\/\/comite-civico.org\/?page_id=1323\" \/>\n<meta property=\"og:locale\" content=\"es_ES\" \/>\n<meta property=\"og:type\" content=\"article\" \/>\n<meta property=\"og:title\" content=\"PIEDB - Movimiento Social Paro C\u00edvico de Buenaventura\" \/>\n<meta property=\"og:description\" content=\"PLAN INTEGRAL ESPECIAL PARA EL DESARROLLO DE BUENAVENTURA PIEDB En un contexto en el que se conjugan las potencialidades de Buenaventura (representadas en la inmensa riqueza de su fauna y su flora), una poderosa infraestructura portuaria -y la generaci\u00f3n de capital que se le asocia- con la pobreza y la falta de oportunidades para la ... Leer m\u00e1s\" \/>\n<meta property=\"og:url\" content=\"https:\/\/comite-civico.org\/?page_id=1323\" \/>\n<meta property=\"og:site_name\" content=\"Movimiento Social Paro C\u00edvico de Buenaventura\" \/>\n<meta property=\"article:modified_time\" content=\"2025-11-11T11:23:57+00:00\" \/>\n<meta property=\"og:image\" content=\"https:\/\/comite-civico.org\/wp-content\/uploads\/2025\/11\/Banner-PIEDB.jpg\" \/>\n\t<meta property=\"og:image:width\" content=\"1920\" \/>\n\t<meta property=\"og:image:height\" content=\"400\" \/>\n\t<meta property=\"og:image:type\" content=\"image\/jpeg\" \/>\n<meta name=\"twitter:card\" content=\"summary_large_image\" \/>\n<meta name=\"twitter:label1\" content=\"Tiempo de lectura\" \/>\n\t<meta name=\"twitter:data1\" content=\"2 minutos\" \/>\n<script type=\"application\/ld+json\" class=\"yoast-schema-graph\">{\"@context\":\"https:\/\/schema.org\",\"@graph\":[{\"@type\":\"WebPage\",\"@id\":\"https:\/\/comite-civico.org\/?page_id=1323\",\"url\":\"https:\/\/comite-civico.org\/?page_id=1323\",\"name\":\"PIEDB - Movimiento Social Paro C\u00edvico de Buenaventura\",\"isPartOf\":{\"@id\":\"https:\/\/comite-civico.org\/#website\"},\"primaryImageOfPage\":{\"@id\":\"https:\/\/comite-civico.org\/?page_id=1323#primaryimage\"},\"image\":{\"@id\":\"https:\/\/comite-civico.org\/?page_id=1323#primaryimage\"},\"thumbnailUrl\":\"http:\/\/comite-civico.org\/wp-content\/uploads\/2025\/11\/Banner-PIEDB.jpg\",\"datePublished\":\"2024-01-21T23:14:35+00:00\",\"dateModified\":\"2025-11-11T11:23:57+00:00\",\"breadcrumb\":{\"@id\":\"https:\/\/comite-civico.org\/?page_id=1323#breadcrumb\"},\"inLanguage\":\"es-CO\",\"potentialAction\":[{\"@type\":\"ReadAction\",\"target\":[\"https:\/\/comite-civico.org\/?page_id=1323\"]}]},{\"@type\":\"ImageObject\",\"inLanguage\":\"es-CO\",\"@id\":\"https:\/\/comite-civico.org\/?page_id=1323#primaryimage\",\"url\":\"https:\/\/comite-civico.org\/wp-content\/uploads\/2025\/11\/Banner-PIEDB.jpg\",\"contentUrl\":\"https:\/\/comite-civico.org\/wp-content\/uploads\/2025\/11\/Banner-PIEDB.jpg\",\"width\":1920,\"height\":400},{\"@type\":\"BreadcrumbList\",\"@id\":\"https:\/\/comite-civico.org\/?page_id=1323#breadcrumb\",\"itemListElement\":[{\"@type\":\"ListItem\",\"position\":1,\"name\":\"Inicio\",\"item\":\"https:\/\/comite-civico.org\/\"},{\"@type\":\"ListItem\",\"position\":2,\"name\":\"PIEDB\"}]},{\"@type\":\"WebSite\",\"@id\":\"https:\/\/comite-civico.org\/#website\",\"url\":\"https:\/\/comite-civico.org\/\",\"name\":\"Movimiento Social Paro C\u00edvico de Buenaventura\",\"description\":\"Movimiento Social Paro C\u00edvico de Buenaventura\",\"publisher\":{\"@id\":\"https:\/\/comite-civico.org\/#organization\"},\"potentialAction\":[{\"@type\":\"SearchAction\",\"target\":{\"@type\":\"EntryPoint\",\"urlTemplate\":\"https:\/\/comite-civico.org\/?s={search_term_string}\"},\"query-input\":{\"@type\":\"PropertyValueSpecification\",\"valueRequired\":true,\"valueName\":\"search_term_string\"}}],\"inLanguage\":\"es-CO\"},{\"@type\":\"Organization\",\"@id\":\"https:\/\/comite-civico.org\/#organization\",\"name\":\"Movimiento Social Paro C\u00edvico de Buenaventura\",\"url\":\"https:\/\/comite-civico.org\/\",\"logo\":{\"@type\":\"ImageObject\",\"inLanguage\":\"es-CO\",\"@id\":\"https:\/\/comite-civico.org\/#\/schema\/logo\/image\/\",\"url\":\"https:\/\/comite-civico.org\/wp-content\/uploads\/2021\/03\/Logo-de-Movimiento-Blanco-scaled.png\",\"contentUrl\":\"https:\/\/comite-civico.org\/wp-content\/uploads\/2021\/03\/Logo-de-Movimiento-Blanco-scaled.png\",\"width\":2560,\"height\":1810,\"caption\":\"Movimiento Social Paro C\u00edvico de Buenaventura\"},\"image\":{\"@id\":\"https:\/\/comite-civico.org\/#\/schema\/logo\/image\/\"}}]}<\/script>\n<!-- \/ Yoast SEO plugin. -->","yoast_head_json":{"title":"PIEDB - Movimiento Social Paro C\u00edvico de Buenaventura","robots":{"index":"index","follow":"follow","max-snippet":"max-snippet:-1","max-image-preview":"max-image-preview:large","max-video-preview":"max-video-preview:-1"},"canonical":"https:\/\/comite-civico.org\/?page_id=1323","og_locale":"es_ES","og_type":"article","og_title":"PIEDB - Movimiento Social Paro C\u00edvico de Buenaventura","og_description":"PLAN INTEGRAL ESPECIAL PARA EL DESARROLLO DE BUENAVENTURA PIEDB En un contexto en el que se conjugan las potencialidades de Buenaventura (representadas en la inmensa riqueza de su fauna y su flora), una poderosa infraestructura portuaria -y la generaci\u00f3n de capital que se le asocia- con la pobreza y la falta de oportunidades para la ... Leer m\u00e1s","og_url":"https:\/\/comite-civico.org\/?page_id=1323","og_site_name":"Movimiento Social Paro C\u00edvico de Buenaventura","article_modified_time":"2025-11-11T11:23:57+00:00","og_image":[{"width":1920,"height":400,"url":"https:\/\/comite-civico.org\/wp-content\/uploads\/2025\/11\/Banner-PIEDB.jpg","type":"image\/jpeg"}],"twitter_card":"summary_large_image","twitter_misc":{"Tiempo de lectura":"2 minutos"},"schema":{"@context":"https:\/\/schema.org","@graph":[{"@type":"WebPage","@id":"https:\/\/comite-civico.org\/?page_id=1323","url":"https:\/\/comite-civico.org\/?page_id=1323","name":"PIEDB - Movimiento Social Paro C\u00edvico de Buenaventura","isPartOf":{"@id":"https:\/\/comite-civico.org\/#website"},"primaryImageOfPage":{"@id":"https:\/\/comite-civico.org\/?page_id=1323#primaryimage"},"image":{"@id":"https:\/\/comite-civico.org\/?page_id=1323#primaryimage"},"thumbnailUrl":"http:\/\/comite-civico.org\/wp-content\/uploads\/2025\/11\/Banner-PIEDB.jpg","datePublished":"2024-01-21T23:14:35+00:00","dateModified":"2025-11-11T11:23:57+00:00","breadcrumb":{"@id":"https:\/\/comite-civico.org\/?page_id=1323#breadcrumb"},"inLanguage":"es-CO","potentialAction":[{"@type":"ReadAction","target":["https:\/\/comite-civico.org\/?page_id=1323"]}]},{"@type":"ImageObject","inLanguage":"es-CO","@id":"https:\/\/comite-civico.org\/?page_id=1323#primaryimage","url":"https:\/\/comite-civico.org\/wp-content\/uploads\/2025\/11\/Banner-PIEDB.jpg","contentUrl":"https:\/\/comite-civico.org\/wp-content\/uploads\/2025\/11\/Banner-PIEDB.jpg","width":1920,"height":400},{"@type":"BreadcrumbList","@id":"https:\/\/comite-civico.org\/?page_id=1323#breadcrumb","itemListElement":[{"@type":"ListItem","position":1,"name":"Inicio","item":"https:\/\/comite-civico.org\/"},{"@type":"ListItem","position":2,"name":"PIEDB"}]},{"@type":"WebSite","@id":"https:\/\/comite-civico.org\/#website","url":"https:\/\/comite-civico.org\/","name":"Movimiento Social Paro C\u00edvico de Buenaventura","description":"Movimiento Social Paro C\u00edvico de Buenaventura","publisher":{"@id":"https:\/\/comite-civico.org\/#organization"},"potentialAction":[{"@type":"SearchAction","target":{"@type":"EntryPoint","urlTemplate":"https:\/\/comite-civico.org\/?s={search_term_string}"},"query-input":{"@type":"PropertyValueSpecification","valueRequired":true,"valueName":"search_term_string"}}],"inLanguage":"es-CO"},{"@type":"Organization","@id":"https:\/\/comite-civico.org\/#organization","name":"Movimiento Social Paro C\u00edvico de Buenaventura","url":"https:\/\/comite-civico.org\/","logo":{"@type":"ImageObject","inLanguage":"es-CO","@id":"https:\/\/comite-civico.org\/#\/schema\/logo\/image\/","url":"https:\/\/comite-civico.org\/wp-content\/uploads\/2021\/03\/Logo-de-Movimiento-Blanco-scaled.png","contentUrl":"https:\/\/comite-civico.org\/wp-content\/uploads\/2021\/03\/Logo-de-Movimiento-Blanco-scaled.png","width":2560,"height":1810,"caption":"Movimiento Social Paro C\u00edvico de Buenaventura"},"image":{"@id":"https:\/\/comite-civico.org\/#\/schema\/logo\/image\/"}}]}},"_links":{"self":[{"href":"https:\/\/comite-civico.org\/index.php?rest_route=\/wp\/v2\/pages\/1323","targetHints":{"allow":["GET"]}}],"collection":[{"href":"https:\/\/comite-civico.org\/index.php?rest_route=\/wp\/v2\/pages"}],"about":[{"href":"https:\/\/comite-civico.org\/index.php?rest_route=\/wp\/v2\/types\/page"}],"author":[{"embeddable":true,"href":"https:\/\/comite-civico.org\/index.php?rest_route=\/wp\/v2\/users\/1"}],"replies":[{"embeddable":true,"href":"https:\/\/comite-civico.org\/index.php?rest_route=%2Fwp%2Fv2%2Fcomments&post=1323"}],"version-history":[{"count":121,"href":"https:\/\/comite-civico.org\/index.php?rest_route=\/wp\/v2\/pages\/1323\/revisions"}],"predecessor-version":[{"id":3069,"href":"https:\/\/comite-civico.org\/index.php?rest_route=\/wp\/v2\/pages\/1323\/revisions\/3069"}],"wp:attachment":[{"href":"https:\/\/comite-civico.org\/index.php?rest_route=%2Fwp%2Fv2%2Fmedia&parent=1323"}],"curies":[{"name":"wp","href":"https:\/\/api.w.org\/{rel}","templated":true}]}}